{"id":842,"date":"2025-05-07T19:13:40","date_gmt":"2025-05-07T19:13:40","guid":{"rendered":"https:\/\/destello.es\/?page_id=842"},"modified":"2025-05-09T22:56:48","modified_gmt":"2025-05-09T22:56:48","slug":"decoracion1","status":"publish","type":"page","link":"https:\/\/destello.es\/en\/decoracion1\/","title":{"rendered":"DECORATION"},"content":{"rendered":"<div data-elementor-type=\"wp-page\" data-elementor-id=\"842\" class=\"elementor elementor-842\" data-elementor-post-type=\"page\">\n\t\t\t\t<div class=\"elementor-element elementor-element-2c4da24 e-flex e-con-boxed e-con e-parent\" data-id=\"2c4da24\" data-element_type=\"container\">\n\t\t\t\t\t<div class=\"e-con-inner\">\n\t\t\t\t<div class=\"elementor-element elementor-element-e4c972b elementor-widget elementor-widget-image\" data-id=\"e4c972b\" data-element_type=\"widget\" data-widget_type=\"image.default\">\n\t\t\t\t\t\t\t\t\t\t\t\t\t\t\t<img decoding=\"async\" src=\"https:\/\/destello.es\/wp-content\/uploads\/2025\/05\/decoracion-1.png\" title=\"\" alt=\"\" loading=\"lazy\" \/>\t\t\t\t\t\t\t\t\t\t\t\t\t\t\t<\/div>\n\t\t\t\t\t<\/div>\n\t\t\t\t<\/div>\n\t\t<div class=\"elementor-element elementor-element-3739cae e-flex e-con-boxed e-con e-parent\" data-id=\"3739cae\" data-element_type=\"container\">\n\t\t\t\t\t<div class=\"e-con-inner\">\n\t\t\t\t<div class=\"elementor-element elementor-element-fd194a8 elementor-widget elementor-widget-heading\" data-id=\"fd194a8\" data-element_type=\"widget\" data-widget_type=\"heading.default\">\n\t\t\t\t\t<h2 class=\"elementor-heading-title elementor-size-default\">Decoration<\/h2>\t\t\t\t<\/div>\n\t\t\t\t\t<\/div>\n\t\t\t\t<\/div>\n\t\t<div class=\"elementor-element elementor-element-9c4806a e-flex e-con-boxed e-con e-parent\" data-id=\"9c4806a\" data-element_type=\"container\">\n\t\t\t\t\t<div class=\"e-con-inner\">\n\t\t\t\t<div class=\"elementor-element elementor-element-b2a0986 elementor-widget elementor-widget-heading\" data-id=\"b2a0986\" data-element_type=\"widget\" data-widget_type=\"heading.default\">\n\t\t\t\t\t<h2 class=\"elementor-heading-title elementor-size-default\">Nuestra decoraci\u00f3n no solo embellece el espacio, sino que tambi\u00e9n incentivan el flujo de clientes. Creando un ambiente festivo que complementa la temporada de compras.<\/h2>\t\t\t\t<\/div>\n\t\t\t\t\t<\/div>\n\t\t\t\t<\/div>\n\t\t\t\t<\/div>","protected":false},"excerpt":{"rendered":"<p>Decoraci\u00f3n Nuestra decoraci\u00f3n no solo embellece el espacio, sino que tambi\u00e9n incentivan el flujo de clientes. Creando un ambiente festivo que complementa la temporada de compras.<\/p>","protected":false},"author":1,"featured_media":0,"parent":0,"menu_order":0,"comment_status":"closed","ping_status":"closed","template":"","meta":{"site-sidebar-layout":"no-sidebar","site-content-layout":"page-builder","ast-site-content-layout":"full-width-container","site-content-style":"default","site-sidebar-style":"default","ast-global-header-display":"","ast-banner-title-visibility":"","ast-main-header-display":"","ast-hfb-above-header-display":"","ast-hfb-below-header-display":"","ast-hfb-mobile-header-display":"","site-post-title":"disabled","ast-breadcrumbs-content":"","ast-featured-img":"disabled","footer-sml-layout":"","theme-transparent-header-meta":"","adv-header-id-meta":"","stick-header-meta":"","header-above-stick-meta":"","header-main-stick-meta":"","header-below-stick-meta":"","astra-migrate-meta-layouts":"default","ast-page-background-enabled":"default","ast-page-background-meta":{"desktop":{"background-color":"var(--ast-global-color-4)","background-image":"","background-repeat":"repeat","background-position":"center center","background-size":"auto","background-attachment":"scroll","background-type":"","background-media":"","overlay-type":"","overlay-color":"","overlay-opacity":"","overlay-gradient":""},"tablet":{"background-color":"","background-image":"","background-repeat":"repeat","background-position":"center center","background-size":"auto","background-attachment":"scroll","background-type":"","background-media":"","overlay-type":"","overlay-color":"","overlay-opacity":"","overlay-gradient":""},"mobile":{"background-color":"","background-image":"","background-repeat":"repeat","background-position":"center center","background-size":"auto","background-attachment":"scroll","background-type":"","background-media":"","overlay-type":"","overlay-color":"","overlay-opacity":"","overlay-gradient":""}},"ast-content-background-meta":{"desktop":{"background-color":"var(--ast-global-color-5)","background-image":"","background-repeat":"repeat","background-position":"center center","background-size":"auto","background-attachment":"scroll","background-type":"","background-media":"","overlay-type":"","overlay-color":"","overlay-opacity":"","overlay-gradient":""},"tablet":{"background-color":"var(--ast-global-color-5)","background-image":"","background-repeat":"repeat","background-position":"center center","background-size":"auto","background-attachment":"scroll","background-type":"","background-media":"","overlay-type":"","overlay-color":"","overlay-opacity":"","overlay-gradient":""},"mobile":{"background-color":"var(--ast-global-color-5)","background-image":"","background-repeat":"repeat","background-position":"center center","background-size":"auto","background-attachment":"scroll","background-type":"","background-media":"","overlay-type":"","overlay-color":"","overlay-opacity":"","overlay-gradient":""}},"_joinchat":[],"footnotes":""},"class_list":["post-842","page","type-page","status-publish","hentry"],"yoast_head":"<!-- This site is optimized with the Yoast SEO plugin v25.3 - https:\/\/yoast.com\/wordpress\/plugins\/seo\/ -->\n<title>DECORACI\u00d3N - Destello Iluminaci\u00f3n y Decoraci\u00f3n S.L.<\/title>\n<meta name=\"robots\" content=\"index, follow, max-snippet:-1, max-image-preview:large, max-video-preview:-1\" \/>\n<link rel=\"canonical\" href=\"https:\/\/destello.es\/en\/decoracion1\/\" \/>\n<meta property=\"og:locale\" content=\"en_GB\" \/>\n<meta property=\"og:type\" content=\"article\" \/>\n<meta property=\"og:title\" content=\"DECORACI\u00d3N - Destello Iluminaci\u00f3n y Decoraci\u00f3n S.L.\" \/>\n<meta property=\"og:description\" content=\"Decoraci\u00f3n Nuestra decoraci\u00f3n no solo embellece el espacio, sino que tambi\u00e9n incentivan el flujo de clientes. Creando un ambiente festivo que complementa la temporada de compras.\" \/>\n<meta property=\"og:url\" content=\"https:\/\/destello.es\/en\/decoracion1\/\" \/>\n<meta property=\"og:site_name\" content=\"Destello Iluminaci\u00f3n y Decoraci\u00f3n S.L.\" \/>\n<meta property=\"article:publisher\" content=\"https:\/\/www.facebook.com\/destelloiluminacionydecoracion\" \/>\n<meta property=\"article:modified_time\" content=\"2025-05-09T22:56:48+00:00\" \/>\n<meta property=\"og:image\" content=\"https:\/\/destello.es\/wp-content\/uploads\/2025\/05\/decoracion-1-1024x576.png\" \/>\n<meta name=\"twitter:card\" content=\"summary_large_image\" \/>\n<script type=\"application\/ld+json\" class=\"yoast-schema-graph\">{\"@context\":\"https:\/\/schema.org\",\"@graph\":[{\"@type\":\"WebPage\",\"@id\":\"https:\/\/destello.es\/decoracion1\/\",\"url\":\"https:\/\/destello.es\/decoracion1\/\",\"name\":\"DECORACI\u00d3N - Destello Iluminaci\u00f3n y Decoraci\u00f3n S.L.\",\"isPartOf\":{\"@id\":\"https:\/\/destello.es\/#website\"},\"primaryImageOfPage\":{\"@id\":\"https:\/\/destello.es\/decoracion1\/#primaryimage\"},\"image\":{\"@id\":\"https:\/\/destello.es\/decoracion1\/#primaryimage\"},\"thumbnailUrl\":\"https:\/\/destello.es\/wp-content\/uploads\/2025\/05\/decoracion-1-1024x576.png\",\"datePublished\":\"2025-05-07T19:13:40+00:00\",\"dateModified\":\"2025-05-09T22:56:48+00:00\",\"breadcrumb\":{\"@id\":\"https:\/\/destello.es\/decoracion1\/#breadcrumb\"},\"inLanguage\":\"en-GB\",\"potentialAction\":[{\"@type\":\"ReadAction\",\"target\":[\"https:\/\/destello.es\/decoracion1\/\"]}]},{\"@type\":\"ImageObject\",\"inLanguage\":\"en-GB\",\"@id\":\"https:\/\/destello.es\/decoracion1\/#primaryimage\",\"url\":\"https:\/\/destello.es\/wp-content\/uploads\/2025\/05\/decoracion-1-1024x576.png\",\"contentUrl\":\"https:\/\/destello.es\/wp-content\/uploads\/2025\/05\/decoracion-1-1024x576.png\"},{\"@type\":\"BreadcrumbList\",\"@id\":\"https:\/\/destello.es\/decoracion1\/#breadcrumb\",\"itemListElement\":[{\"@type\":\"ListItem\",\"position\":1,\"name\":\"Portada\",\"item\":\"https:\/\/destello.es\/\"},{\"@type\":\"ListItem\",\"position\":2,\"name\":\"DECORACI\u00d3N\"}]},{\"@type\":\"WebSite\",\"@id\":\"https:\/\/destello.es\/#website\",\"url\":\"https:\/\/destello.es\/\",\"name\":\"iluminaci\u00f3n para ayuntamientos\",\"description\":\"Nuestra firma representa la fusi\u00f3n perfecta entre arte y tecnolog\u00eda luminosa, convirti\u00e9ndonos de este modo en expertos en decoraci\u00f3n e iluminaci\u00f3n para fiestas.\",\"publisher\":{\"@id\":\"https:\/\/destello.es\/#organization\"},\"potentialAction\":[{\"@type\":\"SearchAction\",\"target\":{\"@type\":\"EntryPoint\",\"urlTemplate\":\"https:\/\/destello.es\/?s={search_term_string}\"},\"query-input\":{\"@type\":\"PropertyValueSpecification\",\"valueRequired\":true,\"valueName\":\"search_term_string\"}}],\"inLanguage\":\"en-GB\"},{\"@type\":\"Organization\",\"@id\":\"https:\/\/destello.es\/#organization\",\"name\":\"iluminaci\u00f3n para ayuntamientos\",\"url\":\"https:\/\/destello.es\/\",\"logo\":{\"@type\":\"ImageObject\",\"inLanguage\":\"en-GB\",\"@id\":\"https:\/\/destello.es\/#\/schema\/logo\/image\/\",\"url\":\"https:\/\/destello.es\/wp-content\/uploads\/2025\/06\/logo.png\",\"contentUrl\":\"https:\/\/destello.es\/wp-content\/uploads\/2025\/06\/logo.png\",\"width\":2000,\"height\":2000,\"caption\":\"iluminaci\u00f3n para ayuntamientos\"},\"image\":{\"@id\":\"https:\/\/destello.es\/#\/schema\/logo\/image\/\"},\"sameAs\":[\"https:\/\/www.facebook.com\/destelloiluminacionydecoracion\",\"https:\/\/www.instagram.com\/destelloiluminacionydecoracion\/?hl=es\"]}]}<\/script>\n<!-- \/ Yoast SEO plugin. -->","yoast_head_json":{"title":"DECORACI\u00d3N - Destello Iluminaci\u00f3n y Decoraci\u00f3n S.L.","robots":{"index":"index","follow":"follow","max-snippet":"max-snippet:-1","max-image-preview":"max-image-preview:large","max-video-preview":"max-video-preview:-1"},"canonical":"https:\/\/destello.es\/en\/decoracion1\/","og_locale":"en_GB","og_type":"article","og_title":"DECORACI\u00d3N - Destello Iluminaci\u00f3n y Decoraci\u00f3n S.L.","og_description":"Decoraci\u00f3n Nuestra decoraci\u00f3n no solo embellece el espacio, sino que tambi\u00e9n incentivan el flujo de clientes. Creando un ambiente festivo que complementa la temporada de compras.","og_url":"https:\/\/destello.es\/en\/decoracion1\/","og_site_name":"Destello Iluminaci\u00f3n y Decoraci\u00f3n S.L.","article_publisher":"https:\/\/www.facebook.com\/destelloiluminacionydecoracion","article_modified_time":"2025-05-09T22:56:48+00:00","og_image":[{"url":"https:\/\/destello.es\/wp-content\/uploads\/2025\/05\/decoracion-1-1024x576.png","type":"","width":"","height":""}],"twitter_card":"summary_large_image","schema":{"@context":"https:\/\/schema.org","@graph":[{"@type":"WebPage","@id":"https:\/\/destello.es\/decoracion1\/","url":"https:\/\/destello.es\/decoracion1\/","name":"DECORACI\u00d3N - Destello Iluminaci\u00f3n y Decoraci\u00f3n S.L.","isPartOf":{"@id":"https:\/\/destello.es\/#website"},"primaryImageOfPage":{"@id":"https:\/\/destello.es\/decoracion1\/#primaryimage"},"image":{"@id":"https:\/\/destello.es\/decoracion1\/#primaryimage"},"thumbnailUrl":"https:\/\/destello.es\/wp-content\/uploads\/2025\/05\/decoracion-1-1024x576.png","datePublished":"2025-05-07T19:13:40+00:00","dateModified":"2025-05-09T22:56:48+00:00","breadcrumb":{"@id":"https:\/\/destello.es\/decoracion1\/#breadcrumb"},"inLanguage":"en-GB","potentialAction":[{"@type":"ReadAction","target":["https:\/\/destello.es\/decoracion1\/"]}]},{"@type":"ImageObject","inLanguage":"en-GB","@id":"https:\/\/destello.es\/decoracion1\/#primaryimage","url":"https:\/\/destello.es\/wp-content\/uploads\/2025\/05\/decoracion-1-1024x576.png","contentUrl":"https:\/\/destello.es\/wp-content\/uploads\/2025\/05\/decoracion-1-1024x576.png"},{"@type":"BreadcrumbList","@id":"https:\/\/destello.es\/decoracion1\/#breadcrumb","itemListElement":[{"@type":"ListItem","position":1,"name":"Portada","item":"https:\/\/destello.es\/"},{"@type":"ListItem","position":2,"name":"DECORACI\u00d3N"}]},{"@type":"WebSite","@id":"https:\/\/destello.es\/#website","url":"https:\/\/destello.es\/","name":"iluminaci\u00f3n para ayuntamientos","description":"Nuestra firma representa la fusi\u00f3n perfecta entre arte y tecnolog\u00eda luminosa, convirti\u00e9ndonos de este modo en expertos en decoraci\u00f3n e iluminaci\u00f3n para fiestas.","publisher":{"@id":"https:\/\/destello.es\/#organization"},"potentialAction":[{"@type":"SearchAction","target":{"@type":"EntryPoint","urlTemplate":"https:\/\/destello.es\/?s={search_term_string}"},"query-input":{"@type":"PropertyValueSpecification","valueRequired":true,"valueName":"search_term_string"}}],"inLanguage":"en-GB"},{"@type":"Organization","@id":"https:\/\/destello.es\/#organization","name":"iluminaci\u00f3n para ayuntamientos","url":"https:\/\/destello.es\/","logo":{"@type":"ImageObject","inLanguage":"en-GB","@id":"https:\/\/destello.es\/#\/schema\/logo\/image\/","url":"https:\/\/destello.es\/wp-content\/uploads\/2025\/06\/logo.png","contentUrl":"https:\/\/destello.es\/wp-content\/uploads\/2025\/06\/logo.png","width":2000,"height":2000,"caption":"iluminaci\u00f3n para ayuntamientos"},"image":{"@id":"https:\/\/destello.es\/#\/schema\/logo\/image\/"},"sameAs":["https:\/\/www.facebook.com\/destelloiluminacionydecoracion","https:\/\/www.instagram.com\/destelloiluminacionydecoracion\/?hl=es"]}]}},"_links":{"self":[{"href":"https:\/\/destello.es\/en\/wp-json\/wp\/v2\/pages\/842","targetHints":{"allow":["GET"]}}],"collection":[{"href":"https:\/\/destello.es\/en\/wp-json\/wp\/v2\/pages"}],"about":[{"href":"https:\/\/destello.es\/en\/wp-json\/wp\/v2\/types\/page"}],"author":[{"embeddable":true,"href":"https:\/\/destello.es\/en\/wp-json\/wp\/v2\/users\/1"}],"replies":[{"embeddable":true,"href":"https:\/\/destello.es\/en\/wp-json\/wp\/v2\/comments?post=842"}],"version-history":[{"count":12,"href":"https:\/\/destello.es\/en\/wp-json\/wp\/v2\/pages\/842\/revisions"}],"predecessor-version":[{"id":1551,"href":"https:\/\/destello.es\/en\/wp-json\/wp\/v2\/pages\/842\/revisions\/1551"}],"wp:attachment":[{"href":"https:\/\/destello.es\/en\/wp-json\/wp\/v2\/media?parent=842"}],"curies":[{"name":"wp","href":"https:\/\/api.w.org\/{rel}","templated":true}]}}